{"id":7642,"date":"2020-12-04T11:35:25","date_gmt":"2020-12-04T10:35:25","guid":{"rendered":"https:\/\/artcava.com\/quienes-somos\/"},"modified":"2026-04-18T16:56:27","modified_gmt":"2026-04-18T14:56:27","slug":"qui-som","status":"publish","type":"page","link":"https:\/\/artcava.com\/es\/qui-som\/","title":{"rendered":"\u00bfQui\u00e9nes somos?"},"content":{"rendered":"\t\t<div data-elementor-type=\"wp-page\" data-elementor-id=\"7642\" class=\"elementor elementor-7642 elementor-5781\" data-elementor-post-type=\"page\">\n\t\t\t\t\t\t<section data-particle_enable=\"false\" data-particle-mobile-disabled=\"false\" class=\"elementor-section elementor-top-section elementor-element elementor-element-d4061a7 elementor-section-boxed elementor-section-height-default elementor-section-height-default\" data-id=\"d4061a7\" data-element_type=\"section\" data-e-type=\"section\">\n\t\t\t\t\t\t<div class=\"elementor-container elementor-column-gap-default\">\n\t\t\t\t\t<div class=\"elementor-column elementor-col-100 elementor-top-column elementor-element elementor-element-752bc68\" data-id=\"752bc68\" data-element_type=\"column\" data-e-type=\"column\">\n\t\t\t<div class=\"elementor-widget-wrap elementor-element-populated\">\n\t\t\t\t\t\t<div class=\"elementor-element elementor-element-8e2b0a5 elementor-widget elementor-widget-heading\" data-id=\"8e2b0a5\" data-element_type=\"widget\" data-e-type=\"widget\" data-widget_type=\"heading.default\">\n\t\t\t\t\t<h1 class=\"elementor-heading-title elementor-size-default\">\u00bfQui\u00e9nes somos y c\u00f3mo empezamos?<\/h1>\t\t\t\t<\/div>\n\t\t\t\t<div class=\"elementor-element elementor-element-32c5a9c elementor-widget elementor-widget-spacer\" data-id=\"32c5a9c\" data-element_type=\"widget\" data-e-type=\"widget\" data-widget_type=\"spacer.default\">\n\t\t\t\t\t\t\t<div class=\"elementor-spacer\">\n\t\t\t<div class=\"elementor-spacer-inner\"><\/div>\n\t\t<\/div>\n\t\t\t\t\t\t<\/div>\n\t\t\t\t<div class=\"elementor-element elementor-element-2516a69 elementor-widget elementor-widget-text-editor\" data-id=\"2516a69\" data-element_type=\"widget\" data-e-type=\"widget\" data-widget_type=\"text-editor.default\">\n\t\t\t\t\t\t\t\t\t<p><img fetchpriority=\"high\" decoding=\"async\" class=\"wp-image-4421 alignright\" src=\"https:\/\/artcava.com\/wp-content\/uploads\/2020\/07\/20180507-_AVP8145-450x301.jpg\" alt=\"\" width=\"428\" height=\"286\" srcset=\"https:\/\/artcava.com\/wp-content\/uploads\/2020\/07\/20180507-_AVP8145-450x301.jpg 450w, https:\/\/artcava.com\/wp-content\/uploads\/2020\/07\/20180507-_AVP8145-500x334.jpg 500w, https:\/\/artcava.com\/wp-content\/uploads\/2020\/07\/20180507-_AVP8145-510x341.jpg 510w, https:\/\/artcava.com\/wp-content\/uploads\/2020\/07\/20180507-_AVP8145.jpg 1000w\" sizes=\"(max-width: 428px) 100vw, 428px\" \/>ArtCava somos dos emprendedores: \u00c8ric, que es el en\u00f3logo, e Ignasi, que se encarga de la parte empresarial. Abrimos las puertas de ArtCava el a\u00f1o 2004. Una tarde charlando con una copa de cava entre manos tuvimos una idea. Con mucho trabajo y determinaci\u00f3n, esta se ha convertido en una realidad maravillosa, una peque\u00f1a bodega est\u00e1 situada en una de las regiones vin\u00edcolas m\u00e1s importantes de Europa, el Pened\u00e8s (a s\u00f3lo 40 minutos de Barcelona).<\/p>\n<p>Hacemos 18.000 botellas de cava artesanal de calidad con nuestras propias manos al a\u00f1o, sin a\u00f1adir nada, ni productos qu\u00edmicos, ni licores de expedici\u00f3n. S\u00f3lo pasi\u00f3n.<\/p>\n<p>La familia de Ignasi ha cultivado vi\u00f1edos y elaborado vino desde el a\u00f1o 1730, pero la antigua bodega fue abandonada en los a\u00f1os 50 y se encontraba mal estado. Fue cuando decidimos volver a recuperar la vida en sus paredes. Siempre hemos trabajado para que el espacio no perdiera su encanto r\u00fastico.<\/p>\n<p>Nuestra intenci\u00f3n no era construir una bodega m\u00e1s, sino reconocer y respetar la forma en que se trabajaba antes. De la fusi\u00f3n del pasado y el presente surge Artcava, el espacio enotur\u00edstico m\u00e1s singular del Pened\u00e8s.<\/p>\n<p>Cuando decimos pasado, realmente queremos decir pasado. Sabemos a partir de excavaciones arqueol\u00f3gicas, que los iberos hac\u00edan vino en el mismo lugar donde hoy se encuentra Artcava hace unos 2.500 a\u00f1os. Desde entonces hasta ahora, hemos tenido suficiente tiempo para poder perfeccionar este arte.<\/p>\t\t\t\t\t\t\t\t<\/div>\n\t\t\t\t<div class=\"elementor-element elementor-element-0468d0f elementor-widget elementor-widget-spacer\" data-id=\"0468d0f\" data-element_type=\"widget\" data-e-type=\"widget\" data-widget_type=\"spacer.default\">\n\t\t\t\t\t\t\t<div class=\"elementor-spacer\">\n\t\t\t<div class=\"elementor-spacer-inner\"><\/div>\n\t\t<\/div>\n\t\t\t\t\t\t<\/div>\n\t\t\t\t<div class=\"elementor-element elementor-element-784072d elementor-widget elementor-widget-heading\" data-id=\"784072d\" data-element_type=\"widget\" data-e-type=\"widget\" data-widget_type=\"heading.default\">\n\t\t\t\t\t<h2 class=\"elementor-heading-title elementor-size-default\">ArtCava hoy<\/h2>\t\t\t\t<\/div>\n\t\t\t\t<div class=\"elementor-element elementor-element-2cf759b elementor-widget elementor-widget-spacer\" data-id=\"2cf759b\" data-element_type=\"widget\" data-e-type=\"widget\" data-widget_type=\"spacer.default\">\n\t\t\t\t\t\t\t<div class=\"elementor-spacer\">\n\t\t\t<div class=\"elementor-spacer-inner\"><\/div>\n\t\t<\/div>\n\t\t\t\t\t\t<\/div>\n\t\t\t\t<div class=\"elementor-element elementor-element-67ef4bd elementor-widget elementor-widget-text-editor\" data-id=\"67ef4bd\" data-element_type=\"widget\" data-e-type=\"widget\" data-widget_type=\"text-editor.default\">\n\t\t\t\t\t\t\t\t\t<p><img decoding=\"async\" class=\"wp-image-4442 alignright lazyload\" data-src=\"https:\/\/artcava.com\/wp-content\/uploads\/2020\/07\/artcava-7710-450x299.jpg\" alt=\"\" width=\"393\" height=\"260\" data-srcset=\"https:\/\/artcava.com\/wp-content\/uploads\/2020\/07\/artcava-7710-450x299.jpg 450w, https:\/\/artcava.com\/wp-content\/uploads\/2020\/07\/artcava-7710-1024x681.jpg 1024w, https:\/\/artcava.com\/wp-content\/uploads\/2020\/07\/artcava-7710-510x339.jpg 510w\" data-sizes=\"(max-width: 393px) 100vw, 393px\" src=\"data:image\/svg+xml;base64,PHN2ZyB3aWR0aD0iMSIgaGVpZ2h0PSIxIiB4bWxucz0iaHR0cDovL3d3dy53My5vcmcvMjAwMC9zdmciPjwvc3ZnPg==\" style=\"--smush-placeholder-width: 393px; --smush-placeholder-aspect-ratio: 393\/260;\" \/>En ArtCava apostamos por el turismo de proxmidad. Nos gusta personalizar nuestras visitas. Preferimos aplicar la filosof\u00eda del \u00abviaje lento\u00bb y nos enorgullecemos de nuestro \u00abmodus operandi\u00bb. Ven a visitarnos y ver\u00e1s que somos j\u00f3venes, entusiastas y estamos completamente enamorados de nuestro trabajo (a veces nos cuesta incluso llamarle trabajo).<\/p><p>Nos dedicamos a compartir nuestro entusiasmo y pasi\u00f3n por lo que hacemos con los dem\u00e1s. Mira qu\u00e8 dicen de nosotros en <a href=\"https:\/\/www.tripadvisor.es\/Attraction_Review-g2139031-d4003240-Reviews-Artcava-Avinyonet_del_Penedes_Catalonia.html\" target=\"_blank\" rel=\"noopener\">Tripadvisor<\/a>o <a href=\"https:\/\/www.facebook.com\/pg\/elteucava\/reviews\/?ref=page_internal\" target=\"_blank\" rel=\"noopener\">Facebook<\/a>.<\/p>\t\t\t\t\t\t\t\t<\/div>\n\t\t\t\t\t<\/div>\n\t\t<\/div>\n\t\t\t\t\t<\/div>\n\t\t<\/section>\n\t\t<div data-particle_enable=\"false\" data-particle-mobile-disabled=\"false\" class=\"elementor-element elementor-element-2d2843d e-flex e-con-boxed e-con e-parent\" data-id=\"2d2843d\" data-element_type=\"container\" data-e-type=\"container\">\n\t\t\t\t\t<div class=\"e-con-inner\">\n\t\t<div data-particle_enable=\"false\" data-particle-mobile-disabled=\"false\" class=\"elementor-element elementor-element-388d347 e-con-full e-flex e-con e-child\" data-id=\"388d347\" data-element_type=\"container\" data-e-type=\"container\">\n\t\t\t\t<div class=\"elementor-element elementor-element-f4fe6fa elementor-position-top elementor-widget elementor-widget-image-box\" data-id=\"f4fe6fa\" data-element_type=\"widget\" data-e-type=\"widget\" data-widget_type=\"image-box.default\">\n\t\t\t\t\t<div class=\"elementor-image-box-wrapper\"><figure class=\"elementor-image-box-img\"><img decoding=\"async\" width=\"240\" height=\"240\" data-src=\"https:\/\/artcava.com\/wp-content\/uploads\/2016\/05\/eric.jpg\" class=\"attachment-full size-full wp-image-3465 lazyload\" alt=\"\" data-srcset=\"https:\/\/artcava.com\/wp-content\/uploads\/2016\/05\/eric.jpg 240w, https:\/\/artcava.com\/wp-content\/uploads\/2016\/05\/eric-100x100.jpg 100w, https:\/\/artcava.com\/wp-content\/uploads\/2016\/05\/eric-150x150.jpg 150w\" data-sizes=\"(max-width: 240px) 100vw, 240px\" src=\"data:image\/svg+xml;base64,PHN2ZyB3aWR0aD0iMSIgaGVpZ2h0PSIxIiB4bWxucz0iaHR0cDovL3d3dy53My5vcmcvMjAwMC9zdmciPjwvc3ZnPg==\" style=\"--smush-placeholder-width: 240px; --smush-placeholder-aspect-ratio: 240\/240;\" \/><\/figure><div class=\"elementor-image-box-content\"><h3 class=\"elementor-image-box-title\">\u00c8ric Enguita Albet<br>CEO<\/h3><p class=\"elementor-image-box-description\">El propietario y en\u00f3logo principal.<br>T\u00e9cnico en industria alimentaria, especialidad en Viticultura, Enolog\u00eda,<br>Gesti\u00f3n Comercial y Marketing. <br><br>Diploma en empresariales.<br>Licenciado en administraci\u00f3n de empresas.<br>Postgrado en marketing\n<\/p><\/div><\/div>\t\t\t\t<\/div>\n\t\t\t\t<\/div>\n\t\t<div data-particle_enable=\"false\" data-particle-mobile-disabled=\"false\" class=\"elementor-element elementor-element-9bf926d e-con-full e-flex e-con e-child\" data-id=\"9bf926d\" data-element_type=\"container\" data-e-type=\"container\">\n\t\t\t\t<div class=\"elementor-element elementor-element-efe47a5 elementor-position-top elementor-widget elementor-widget-image-box\" data-id=\"efe47a5\" data-element_type=\"widget\" data-e-type=\"widget\" data-widget_type=\"image-box.default\">\n\t\t\t\t\t<div class=\"elementor-image-box-wrapper\"><figure class=\"elementor-image-box-img\"><img decoding=\"async\" width=\"240\" height=\"240\" data-src=\"https:\/\/artcava.com\/wp-content\/uploads\/2016\/05\/ignasi.jpg\" class=\"attachment-full size-full wp-image-3467 lazyload\" alt=\"\" data-srcset=\"https:\/\/artcava.com\/wp-content\/uploads\/2016\/05\/ignasi.jpg 240w, https:\/\/artcava.com\/wp-content\/uploads\/2016\/05\/ignasi-100x100.jpg 100w, https:\/\/artcava.com\/wp-content\/uploads\/2016\/05\/ignasi-150x150.jpg 150w\" data-sizes=\"(max-width: 240px) 100vw, 240px\" src=\"data:image\/svg+xml;base64,PHN2ZyB3aWR0aD0iMSIgaGVpZ2h0PSIxIiB4bWxucz0iaHR0cDovL3d3dy53My5vcmcvMjAwMC9zdmciPjwvc3ZnPg==\" style=\"--smush-placeholder-width: 240px; --smush-placeholder-aspect-ratio: 240\/240;\" \/><\/figure><div class=\"elementor-image-box-content\"><h3 class=\"elementor-image-box-title\">Ignasi Romeu i Sol\u00e9<br>Accountant &amp; Owner<\/h3><p class=\"elementor-image-box-description\">El propietario de la finca y 14\u00aa generaci\u00f3n de la misma.<br><br>Experto en Administraci\u00f3n y finanzas.<br>Experto en comercio internacional.<br>Experto en marketing\n<\/p><\/div><\/div>\t\t\t\t<\/div>\n\t\t\t\t<\/div>\n\t\t\t\t\t<\/div>\n\t\t\t\t<\/div>\n\t\t\t\t<\/div>\n\t\t","protected":false},"excerpt":{"rendered":"<p>\u00bfQui\u00e9nes somos y c\u00f3mo empezamos? ArtCava somos dos emprendedores: \u00c8ric, que es el en\u00f3logo, e Ignasi, que se encarga de la parte empresarial. Abrimos las puertas de ArtCava el a\u00f1o 2004. Una tarde charlando con una copa de cava entre manos tuvimos una idea. Con mucho trabajo y determinaci\u00f3n, esta se ha convertido en una [&hellip;]<\/p>\n","protected":false},"author":76,"featured_media":0,"parent":0,"menu_order":0,"comment_status":"closed","ping_status":"closed","template":"elementor_header_footer","meta":{"footnotes":""},"class_list":["post-7642","page","type-page","status-publish","hentry"],"yoast_head":"<!-- This site is optimized with the Yoast SEO plugin v27.4 - https:\/\/yoast.com\/product\/yoast-seo-wordpress\/ -->\n<title>\u00bfQui\u00e9nes somos? &#183; Artcava - Masia Can Batlle<\/title>\n<meta name=\"description\" content=\"Abrimos las puertas de Artcava el a\u00f1o 2004. Una tarde charlando con una copa de cava entre manos tuvimos una idea. Con mucho trabajo y determinaci\u00f3n, esta se ha convertido en una realidad maravillosa, una peque\u00f1a bodega est\u00e1 situada en una de las regiones vin\u00edcolas m\u00e1s importantes de Europa, el Pened\u00e8s (a s\u00f3lo 40 minutos de Barcelona).\" \/>\n<meta name=\"robots\" content=\"index, follow, max-snippet:-1, max-image-preview:large, max-video-preview:-1\" \/>\n<link rel=\"canonical\" href=\"https:\/\/artcava.com\/es\/qui-som\/\" \/>\n<meta property=\"og:locale\" content=\"es_ES\" \/>\n<meta property=\"og:type\" content=\"article\" \/>\n<meta property=\"og:title\" content=\"\u00bfQui\u00e9nes somos? &#183; Artcava - Masia Can Batlle\" \/>\n<meta property=\"og:description\" content=\"Abrimos las puertas de Artcava el a\u00f1o 2004. Una tarde charlando con una copa de cava entre manos tuvimos una idea. Con mucho trabajo y determinaci\u00f3n, esta se ha convertido en una realidad maravillosa, una peque\u00f1a bodega est\u00e1 situada en una de las regiones vin\u00edcolas m\u00e1s importantes de Europa, el Pened\u00e8s (a s\u00f3lo 40 minutos de Barcelona).\" \/>\n<meta property=\"og:url\" content=\"https:\/\/artcava.com\/es\/qui-som\/\" \/>\n<meta property=\"og:site_name\" content=\"Artcava - Masia Can Batlle\" \/>\n<meta property=\"article:publisher\" content=\"https:\/\/www.facebook.com\/elteucava\/\" \/>\n<meta property=\"article:modified_time\" content=\"2026-04-18T14:56:27+00:00\" \/>\n<meta property=\"og:image\" content=\"https:\/\/artcava.com\/wp-content\/uploads\/2020\/07\/20180507-_AVP8145.jpg\" \/>\n\t<meta property=\"og:image:width\" content=\"1000\" \/>\n\t<meta property=\"og:image:height\" content=\"668\" \/>\n\t<meta property=\"og:image:type\" content=\"image\/jpeg\" \/>\n<meta name=\"twitter:card\" content=\"summary_large_image\" \/>\n<meta name=\"twitter:label1\" content=\"Tiempo de lectura\" \/>\n\t<meta name=\"twitter:data1\" content=\"2 minutos\" \/>\n<script type=\"application\/ld+json\" class=\"yoast-schema-graph\">{\"@context\":\"https:\\\/\\\/schema.org\",\"@graph\":[{\"@type\":\"WebPage\",\"@id\":\"https:\\\/\\\/artcava.com\\\/es\\\/qui-som\\\/\",\"url\":\"https:\\\/\\\/artcava.com\\\/es\\\/qui-som\\\/\",\"name\":\"\u00bfQui\u00e9nes somos? &#183; Artcava - Masia Can Batlle\",\"isPartOf\":{\"@id\":\"https:\\\/\\\/artcava.com\\\/#website\"},\"primaryImageOfPage\":{\"@id\":\"https:\\\/\\\/artcava.com\\\/es\\\/qui-som\\\/#primaryimage\"},\"image\":{\"@id\":\"https:\\\/\\\/artcava.com\\\/es\\\/qui-som\\\/#primaryimage\"},\"thumbnailUrl\":\"https:\\\/\\\/artcava.com\\\/wp-content\\\/uploads\\\/2020\\\/07\\\/20180507-_AVP8145-450x301.jpg\",\"datePublished\":\"2020-12-04T10:35:25+00:00\",\"dateModified\":\"2026-04-18T14:56:27+00:00\",\"description\":\"Abrimos las puertas de Artcava el a\u00f1o 2004. Una tarde charlando con una copa de cava entre manos tuvimos una idea. Con mucho trabajo y determinaci\u00f3n, esta se ha convertido en una realidad maravillosa, una peque\u00f1a bodega est\u00e1 situada en una de las regiones vin\u00edcolas m\u00e1s importantes de Europa, el Pened\u00e8s (a s\u00f3lo 40 minutos de Barcelona).\",\"breadcrumb\":{\"@id\":\"https:\\\/\\\/artcava.com\\\/es\\\/qui-som\\\/#breadcrumb\"},\"inLanguage\":\"es\",\"potentialAction\":[{\"@type\":\"ReadAction\",\"target\":[\"https:\\\/\\\/artcava.com\\\/es\\\/qui-som\\\/\"]}]},{\"@type\":\"ImageObject\",\"inLanguage\":\"es\",\"@id\":\"https:\\\/\\\/artcava.com\\\/es\\\/qui-som\\\/#primaryimage\",\"url\":\"https:\\\/\\\/artcava.com\\\/wp-content\\\/uploads\\\/2020\\\/07\\\/20180507-_AVP8145-450x301.jpg\",\"contentUrl\":\"https:\\\/\\\/artcava.com\\\/wp-content\\\/uploads\\\/2020\\\/07\\\/20180507-_AVP8145-450x301.jpg\"},{\"@type\":\"BreadcrumbList\",\"@id\":\"https:\\\/\\\/artcava.com\\\/es\\\/qui-som\\\/#breadcrumb\",\"itemListElement\":[{\"@type\":\"ListItem\",\"position\":1,\"name\":\"Inici\",\"item\":\"https:\\\/\\\/artcava.com\\\/es\\\/inici-artcava\\\/\"},{\"@type\":\"ListItem\",\"position\":2,\"name\":\"\u00bfQui\u00e9nes somos?\"}]},{\"@type\":\"WebSite\",\"@id\":\"https:\\\/\\\/artcava.com\\\/#website\",\"url\":\"https:\\\/\\\/artcava.com\\\/\",\"name\":\"Artcava - Masia Can Batlle\",\"description\":\"L&#039;experi\u00e8ncia definitiva sobre el cava\",\"publisher\":{\"@id\":\"https:\\\/\\\/artcava.com\\\/#organization\"},\"potentialAction\":[{\"@type\":\"SearchAction\",\"target\":{\"@type\":\"EntryPoint\",\"urlTemplate\":\"https:\\\/\\\/artcava.com\\\/?s={search_term_string}\"},\"query-input\":{\"@type\":\"PropertyValueSpecification\",\"valueRequired\":true,\"valueName\":\"search_term_string\"}}],\"inLanguage\":\"es\"},{\"@type\":\"Organization\",\"@id\":\"https:\\\/\\\/artcava.com\\\/#organization\",\"name\":\"Artcava - Celler Can Batlle SL\",\"url\":\"https:\\\/\\\/artcava.com\\\/\",\"logo\":{\"@type\":\"ImageObject\",\"inLanguage\":\"es\",\"@id\":\"https:\\\/\\\/artcava.com\\\/#\\\/schema\\\/logo\\\/image\\\/\",\"url\":\"https:\\\/\\\/artcava.com\\\/wp-content\\\/uploads\\\/2020\\\/07\\\/logo-cartcava-winery.png\",\"contentUrl\":\"https:\\\/\\\/artcava.com\\\/wp-content\\\/uploads\\\/2020\\\/07\\\/logo-cartcava-winery.png\",\"width\":811,\"height\":776,\"caption\":\"Artcava - Celler Can Batlle SL\"},\"image\":{\"@id\":\"https:\\\/\\\/artcava.com\\\/#\\\/schema\\\/logo\\\/image\\\/\"},\"sameAs\":[\"https:\\\/\\\/www.facebook.com\\\/elteucava\\\/\",\"https:\\\/\\\/www.instagram.com\\\/artcava_experience\\\/\",\"https:\\\/\\\/www.instagram.com\\\/lamanelabyartcava\\\/\"]}]}<\/script>\n<!-- \/ Yoast SEO plugin. -->","yoast_head_json":{"title":"\u00bfQui\u00e9nes somos? &#183; Artcava - Masia Can Batlle","description":"Abrimos las puertas de Artcava el a\u00f1o 2004. Una tarde charlando con una copa de cava entre manos tuvimos una idea. Con mucho trabajo y determinaci\u00f3n, esta se ha convertido en una realidad maravillosa, una peque\u00f1a bodega est\u00e1 situada en una de las regiones vin\u00edcolas m\u00e1s importantes de Europa, el Pened\u00e8s (a s\u00f3lo 40 minutos de Barcelona).","robots":{"index":"index","follow":"follow","max-snippet":"max-snippet:-1","max-image-preview":"max-image-preview:large","max-video-preview":"max-video-preview:-1"},"canonical":"https:\/\/artcava.com\/es\/qui-som\/","og_locale":"es_ES","og_type":"article","og_title":"\u00bfQui\u00e9nes somos? &#183; Artcava - Masia Can Batlle","og_description":"Abrimos las puertas de Artcava el a\u00f1o 2004. Una tarde charlando con una copa de cava entre manos tuvimos una idea. Con mucho trabajo y determinaci\u00f3n, esta se ha convertido en una realidad maravillosa, una peque\u00f1a bodega est\u00e1 situada en una de las regiones vin\u00edcolas m\u00e1s importantes de Europa, el Pened\u00e8s (a s\u00f3lo 40 minutos de Barcelona).","og_url":"https:\/\/artcava.com\/es\/qui-som\/","og_site_name":"Artcava - Masia Can Batlle","article_publisher":"https:\/\/www.facebook.com\/elteucava\/","article_modified_time":"2026-04-18T14:56:27+00:00","og_image":[{"width":1000,"height":668,"url":"https:\/\/artcava.com\/wp-content\/uploads\/2020\/07\/20180507-_AVP8145.jpg","type":"image\/jpeg"}],"twitter_card":"summary_large_image","twitter_misc":{"Tiempo de lectura":"2 minutos"},"schema":{"@context":"https:\/\/schema.org","@graph":[{"@type":"WebPage","@id":"https:\/\/artcava.com\/es\/qui-som\/","url":"https:\/\/artcava.com\/es\/qui-som\/","name":"\u00bfQui\u00e9nes somos? &#183; Artcava - Masia Can Batlle","isPartOf":{"@id":"https:\/\/artcava.com\/#website"},"primaryImageOfPage":{"@id":"https:\/\/artcava.com\/es\/qui-som\/#primaryimage"},"image":{"@id":"https:\/\/artcava.com\/es\/qui-som\/#primaryimage"},"thumbnailUrl":"https:\/\/artcava.com\/wp-content\/uploads\/2020\/07\/20180507-_AVP8145-450x301.jpg","datePublished":"2020-12-04T10:35:25+00:00","dateModified":"2026-04-18T14:56:27+00:00","description":"Abrimos las puertas de Artcava el a\u00f1o 2004. Una tarde charlando con una copa de cava entre manos tuvimos una idea. Con mucho trabajo y determinaci\u00f3n, esta se ha convertido en una realidad maravillosa, una peque\u00f1a bodega est\u00e1 situada en una de las regiones vin\u00edcolas m\u00e1s importantes de Europa, el Pened\u00e8s (a s\u00f3lo 40 minutos de Barcelona).","breadcrumb":{"@id":"https:\/\/artcava.com\/es\/qui-som\/#breadcrumb"},"inLanguage":"es","potentialAction":[{"@type":"ReadAction","target":["https:\/\/artcava.com\/es\/qui-som\/"]}]},{"@type":"ImageObject","inLanguage":"es","@id":"https:\/\/artcava.com\/es\/qui-som\/#primaryimage","url":"https:\/\/artcava.com\/wp-content\/uploads\/2020\/07\/20180507-_AVP8145-450x301.jpg","contentUrl":"https:\/\/artcava.com\/wp-content\/uploads\/2020\/07\/20180507-_AVP8145-450x301.jpg"},{"@type":"BreadcrumbList","@id":"https:\/\/artcava.com\/es\/qui-som\/#breadcrumb","itemListElement":[{"@type":"ListItem","position":1,"name":"Inici","item":"https:\/\/artcava.com\/es\/inici-artcava\/"},{"@type":"ListItem","position":2,"name":"\u00bfQui\u00e9nes somos?"}]},{"@type":"WebSite","@id":"https:\/\/artcava.com\/#website","url":"https:\/\/artcava.com\/","name":"Artcava - Masia Can Batlle","description":"L&#039;experi\u00e8ncia definitiva sobre el cava","publisher":{"@id":"https:\/\/artcava.com\/#organization"},"potentialAction":[{"@type":"SearchAction","target":{"@type":"EntryPoint","urlTemplate":"https:\/\/artcava.com\/?s={search_term_string}"},"query-input":{"@type":"PropertyValueSpecification","valueRequired":true,"valueName":"search_term_string"}}],"inLanguage":"es"},{"@type":"Organization","@id":"https:\/\/artcava.com\/#organization","name":"Artcava - Celler Can Batlle SL","url":"https:\/\/artcava.com\/","logo":{"@type":"ImageObject","inLanguage":"es","@id":"https:\/\/artcava.com\/#\/schema\/logo\/image\/","url":"https:\/\/artcava.com\/wp-content\/uploads\/2020\/07\/logo-cartcava-winery.png","contentUrl":"https:\/\/artcava.com\/wp-content\/uploads\/2020\/07\/logo-cartcava-winery.png","width":811,"height":776,"caption":"Artcava - Celler Can Batlle SL"},"image":{"@id":"https:\/\/artcava.com\/#\/schema\/logo\/image\/"},"sameAs":["https:\/\/www.facebook.com\/elteucava\/","https:\/\/www.instagram.com\/artcava_experience\/","https:\/\/www.instagram.com\/lamanelabyartcava\/"]}]}},"jetpack_sharing_enabled":true,"_links":{"self":[{"href":"https:\/\/artcava.com\/es\/wp-json\/wp\/v2\/pages\/7642","targetHints":{"allow":["GET"]}}],"collection":[{"href":"https:\/\/artcava.com\/es\/wp-json\/wp\/v2\/pages"}],"about":[{"href":"https:\/\/artcava.com\/es\/wp-json\/wp\/v2\/types\/page"}],"author":[{"embeddable":true,"href":"https:\/\/artcava.com\/es\/wp-json\/wp\/v2\/users\/76"}],"replies":[{"embeddable":true,"href":"https:\/\/artcava.com\/es\/wp-json\/wp\/v2\/comments?post=7642"}],"version-history":[{"count":3,"href":"https:\/\/artcava.com\/es\/wp-json\/wp\/v2\/pages\/7642\/revisions"}],"predecessor-version":[{"id":18446,"href":"https:\/\/artcava.com\/es\/wp-json\/wp\/v2\/pages\/7642\/revisions\/18446"}],"wp:attachment":[{"href":"https:\/\/artcava.com\/es\/wp-json\/wp\/v2\/media?parent=7642"}],"curies":[{"name":"wp","href":"https:\/\/api.w.org\/{rel}","templated":true}]}}